{"id":67,"date":"2020-03-06T16:19:28","date_gmt":"2020-03-06T15:19:28","guid":{"rendered":"https:\/\/www.terre-et-feu.com\/lille\/?page_id=67"},"modified":"2025-06-25T15:22:26","modified_gmt":"2025-06-25T13:22:26","slug":"bd-manga-adulte","status":"publish","type":"page","link":"https:\/\/www.terre-et-feu.com\/lille\/bd-manga-adulte\/","title":{"rendered":"Cours de BD Manga \u2013 Lille"},"content":{"rendered":"<h2>Cours de BD Manga \u00e0 Lille<\/h2>\n<h1>BD MANGA<\/h1>\n<h1>BD MANGA<\/h1>\n<h2>Cours de BD MANGA pour d\u00e9butants et confirm\u00e9s &#8211; 75 avenue du Peuple Belge 59000 Lille<\/h2>\n<p>\t\t\t\t\t\t\t\t\t\t\t\t\t\t\t<img loading=\"lazy\" decoding=\"async\" width=\"400\" height=\"270\" src=\"https:\/\/www.terre-et-feu.com\/lille\/wp-content\/uploads\/sites\/7\/2020\/03\/BD_lille_2-400x270.jpg\" alt=\"\" \/><br \/>\n\t\t\t\t\t\t\t\t\t\t\t\t\t\t\t<img loading=\"lazy\" decoding=\"async\" width=\"400\" height=\"270\" src=\"https:\/\/www.terre-et-feu.com\/lille\/wp-content\/uploads\/sites\/7\/2020\/03\/BD_lille_3-400x270.jpg\" alt=\"\" \/><br \/>\n\t\t\t\t\t<a href=\"https:\/\/www.terre-et-feu.com\/lille\/wp-content\/uploads\/sites\/7\/2025\/06\/Cours-dessin-peinture-BD-enfant-2025-26.pdf\" target=\"_blank\"><br \/>\n\t\t\t\t\t\t\t\t\tS&rsquo;INSCRIRE AU COURS<br \/>\n\t\t\t\t\t<\/a><\/p>\n<p><strong>Cours de BD MANGA pour d\u00e9butants et confirm\u00e9s &#8211; 75 avenue du Peuple Belge 59000 Lille<\/strong><\/p>\n<p>Au cours de ces ateliers, les \u00e9l\u00e8ves d\u00e9couvriront la cr\u00e9ation et la composition d\u2019une Bande Dessin\u00e9e.<br \/>Ils apprendront \u00e0 illustrer leur propre sc\u00e9nario et \u00e0 lui donner vie en apprenant \u00e0 d\u00e9finir :<\/p>\n<ul>\n<li>la cr\u00e9ation des personnages (physique, caract\u00e8re,..)<\/li>\n<li>le visage et le corps de vos personnages dans diff\u00e9rentes attitudes et mouvements<\/li>\n<li>la structure du r\u00e9cit, le sc\u00e9nario et le d\u00e9coupage les d\u00e9cors, les plans et les cadrages<\/li>\n<li>les astuces du r\u00e9cit et des proc\u00e9d\u00e9s narratifs dans la mani\u00e8re de raconter et d\u2019illustrer.<\/li>\n<li>les d\u00e9cors et fonds, qui apportent l\u2019ambiance et la profondeur<\/li>\n<\/ul>\n<p><strong><br \/>MATERIEL FOURNI<\/strong><\/p>\n<ul>\n<li>Mat\u00e9riel de base fourni (crayon, feuilles\u2026)<\/li>\n<li>Les participants peuvent apporter leur propre mat\u00e9riel<\/li>\n<\/ul>\n<p>\t\t\t\t\t<a href=\"https:\/\/www.terre-et-feu.com\/lille\/wp-content\/uploads\/sites\/7\/2023\/06\/Cours-dessin-peinture-BD-enfant-2023-24.pdf\" target=\"_blank\"><br \/>\n\t\t\t\t\t\t\t\t\tS&rsquo;INSCRIRE AU COURS<br \/>\n\t\t\t\t\t<\/a><br \/>\n\t\t\t\t\t\t\t\t\t\t\t\t\t\t\t<img loading=\"lazy\" decoding=\"async\" width=\"147\" height=\"120\" src=\"https:\/\/www.terre-et-feu.com\/lille\/wp-content\/uploads\/sites\/7\/2020\/03\/BD_lille_3-147x120.jpg\" alt=\"\" \/>\t\t\t\t\t\t\t\t\t\t\t\t\t\t\t<\/p>\n<h1>PLANNING 2025 &#8211; 2026<\/h1>\n<h2><strong>Cours de DESSIN et PEINTURE<\/strong> \u00e0 l&rsquo;atelier Terre &amp; Feu Lille &#8211; 75 avenue du Peuple Belge 59000 Lille<\/h2>\n<p>\t\t\t\t\t\t\t\t\tMERCREDI +<br \/>\n\t\t\t\t\t\t\t\t\tMERCREDI +<\/p>\n<table>\n<tbody>\n<tr>\n<td width=\"113\">de 14h00<br \/>\u00e0 17h00<\/td>\n<td width=\"490\"><strong>BD Manga<\/strong><br \/>Vincent<br \/>Cours de 3h<br \/><a href=\"https:\/\/www.terre-et-feu.com\/lille\/wp-content\/uploads\/sites\/7\/2025\/06\/Cours-dessin-peinture-BD-enfant-2025-26.pdf\" target=\"_blank\" rel=\"noopener\"><strong>T\u00e9l\u00e9charger la fiche d&rsquo;inscription<\/strong><\/a><\/td>\n<\/tr>\n<\/tbody>\n<\/table>\n<h1>TARIFS 2025- 2026<\/h1>\n<h2>Tarifs remis\u00e9s pour financement \u00e0 titre individuel.<br \/>\nSi financement par un tiers ( CPF, OPCO, P\u00f4le Emploi\u2026) Tarif de 24\u20ac \/ heure.<br \/>\nPossibilit\u00e9 de r\u00e9gler en plusieurs fois les cours de BD Manga<\/h2>\n<h4>BD MANGA 3H<\/h4>\n<p>Ann\u00e9e (33 s\u00e9ances)<br \/><strong>1010\u20ac<\/strong><br \/><strong>2 ch\u00e8ques de 337\u20ac + 336\u20ac<\/strong><br \/>soit 10 \u20ac\/h<\/p>\n<p>Trimestre (11 s\u00e9ances)<br \/><strong>373\u20ac&nbsp;<\/strong><br \/>soit 11,30 \u20ac\/h<\/p>\n<p>\t\t\t\t\t<a href=\"https:\/\/www.terre-et-feu.com\/lille\/wp-content\/uploads\/sites\/7\/2025\/06\/Cours-dessin-peinture-BD-enfant-2025-26.pdf\" target=\"_blank\"><br \/>\n\t\t\t\t\t\t\t\t\tS&rsquo;INSCRIRE AU COURS<br \/>\n\t\t\t\t\t<\/a><\/p>\n<h2 style=\"margin-right: 0px;margin-bottom: 0px;margin-left: 0px;font-family: Helvetica, sans-serif;font-weight: 100;font-size: 15px;padding: 0px\" data-elementor-setting-key=\"title\" data-pen-placeholder=\"\u00c9crivez ici...\">Possibilit\u00e9 de r\u00e9gler en plusieurs fois les cours de BD Manga<\/h2>\n<blockquote>\n<p>&gt; Mat\u00e9riel de base, fournitures inclus.<br \/>&gt; S\u00e9ance d&rsquo;essai : 35\u20ac&nbsp;<br \/>&gt; Outils mis \u00e0 disposition sur place<\/p>\n<\/blockquote>\n<p>N\u2019h\u00e9sitez pas \u00e0 nous contacter pour toute question ou orientation sur le choix d&rsquo;un cours.<br \/><strong>Contact : Christian Antonelli<\/strong><br \/><strong>T\u00e9l : <a href=\"0320150100\">03 20 15 01 00<\/a><\/strong><br \/>ou par Mail : <a href=\"mailto:terreetfeu59@gmail.com\">terreetfeu59@gmail.com<\/a><\/p>\n","protected":false},"excerpt":{"rendered":"<p>Cours de BD Manga \u00e0 Lille BD MANGA BD MANGA Cours de BD MANGA pour d\u00e9butants et confirm\u00e9s &#8211; 75 avenue du Peuple Belge 59000 Lille S&rsquo;INSCRIRE AU COURS Cours de BD MANGA pour d\u00e9butants et confirm\u00e9s &#8211; 75 avenue du Peuple Belge 59000 Lille Au cours de ces ateliers, les \u00e9l\u00e8ves d\u00e9couvriront la cr\u00e9ation [&hellip;]<\/p>\n","protected":false},"author":1,"featured_media":0,"parent":0,"menu_order":0,"comment_status":"closed","ping_status":"closed","template":"elementor_header_footer","meta":{"footnotes":""},"class_list":["post-67","page","type-page","status-publish","hentry"],"_links":{"self":[{"href":"https:\/\/www.terre-et-feu.com\/lille\/wp-json\/wp\/v2\/pages\/67","targetHints":{"allow":["GET"]}}],"collection":[{"href":"https:\/\/www.terre-et-feu.com\/lille\/wp-json\/wp\/v2\/pages"}],"about":[{"href":"https:\/\/www.terre-et-feu.com\/lille\/wp-json\/wp\/v2\/types\/page"}],"author":[{"embeddable":true,"href":"https:\/\/www.terre-et-feu.com\/lille\/wp-json\/wp\/v2\/users\/1"}],"replies":[{"embeddable":true,"href":"https:\/\/www.terre-et-feu.com\/lille\/wp-json\/wp\/v2\/comments?post=67"}],"version-history":[{"count":79,"href":"https:\/\/www.terre-et-feu.com\/lille\/wp-json\/wp\/v2\/pages\/67\/revisions"}],"predecessor-version":[{"id":2257,"href":"https:\/\/www.terre-et-feu.com\/lille\/wp-json\/wp\/v2\/pages\/67\/revisions\/2257"}],"wp:attachment":[{"href":"https:\/\/www.terre-et-feu.com\/lille\/wp-json\/wp\/v2\/media?parent=67"}],"curies":[{"name":"wp","href":"https:\/\/api.w.org\/{rel}","templated":true}]}}