{"id":516,"date":"2020-02-24T12:34:00","date_gmt":"2020-02-24T11:34:00","guid":{"rendered":"https:\/\/www.terre-et-feu.com\/maisons-laffitte\/?page_id=516"},"modified":"2024-11-27T17:50:41","modified_gmt":"2024-11-27T16:50:41","slug":"formation-dessin-metiers-design-de-lillustration-de-decoration","status":"publish","type":"page","link":"https:\/\/www.terre-et-feu.com\/maisons-laffitte\/formation-dessin-metiers-design-de-lillustration-de-decoration\/","title":{"rendered":"Dessin Peinture : M\u00e9tiers du design &#8211; Formation professionnelle"},"content":{"rendered":"\t\t<div data-elementor-type=\"wp-page\" data-elementor-id=\"516\" class=\"elementor elementor-516\" data-elementor-settings=\"{&quot;element_pack_global_tooltip_width&quot;:{&quot;unit&quot;:&quot;px&quot;,&quot;size&quot;:&quot;&quot;,&quot;sizes&quot;:[]},&quot;element_pack_global_tooltip_width_tablet&quot;:{&quot;unit&quot;:&quot;px&quot;,&quot;size&quot;:&quot;&quot;,&quot;sizes&quot;:[]},&quot;element_pack_global_tooltip_width_mobile&quot;:{&quot;unit&quot;:&quot;px&quot;,&quot;size&quot;:&quot;&quot;,&quot;sizes&quot;:[]},&quot;element_pack_global_tooltip_padding&quot;:{&quot;unit&quot;:&quot;px&quot;,&quot;top&quot;:&quot;&quot;,&quot;right&quot;:&quot;&quot;,&quot;bottom&quot;:&quot;&quot;,&quot;left&quot;:&quot;&quot;,&quot;isLinked&quot;:true},&quot;element_pack_global_tooltip_padding_tablet&quot;:{&quot;unit&quot;:&quot;px&quot;,&quot;top&quot;:&quot;&quot;,&quot;right&quot;:&quot;&quot;,&quot;bottom&quot;:&quot;&quot;,&quot;left&quot;:&quot;&quot;,&quot;isLinked&quot;:true},&quot;element_pack_global_tooltip_padding_mobile&quot;:{&quot;unit&quot;:&quot;px&quot;,&quot;top&quot;:&quot;&quot;,&quot;right&quot;:&quot;&quot;,&quot;bottom&quot;:&quot;&quot;,&quot;left&quot;:&quot;&quot;,&quot;isLinked&quot;:true},&quot;element_pack_global_tooltip_border_radius&quot;:{&quot;unit&quot;:&quot;px&quot;,&quot;top&quot;:&quot;&quot;,&quot;right&quot;:&quot;&quot;,&quot;bottom&quot;:&quot;&quot;,&quot;left&quot;:&quot;&quot;,&quot;isLinked&quot;:true},&quot;element_pack_global_tooltip_border_radius_tablet&quot;:{&quot;unit&quot;:&quot;px&quot;,&quot;top&quot;:&quot;&quot;,&quot;right&quot;:&quot;&quot;,&quot;bottom&quot;:&quot;&quot;,&quot;left&quot;:&quot;&quot;,&quot;isLinked&quot;:true},&quot;element_pack_global_tooltip_border_radius_mobile&quot;:{&quot;unit&quot;:&quot;px&quot;,&quot;top&quot;:&quot;&quot;,&quot;right&quot;:&quot;&quot;,&quot;bottom&quot;:&quot;&quot;,&quot;left&quot;:&quot;&quot;,&quot;isLinked&quot;:true}}\" data-elementor-post-type=\"page\">\n\t\t\t\t\t\t<section class=\"elementor-section elementor-top-section elementor-element elementor-element-aaf79f9 elementor-hidden-phone elementor-hidden-desktop elementor-section-boxed elementor-section-height-default elementor-section-height-default\" data-id=\"aaf79f9\" data-element_type=\"section\" data-e-type=\"section\">\n\t\t\t\t\t\t<div class=\"elementor-container elementor-column-gap-default\">\n\t\t\t\t\t<div class=\"elementor-column elementor-col-100 elementor-top-column elementor-element elementor-element-0f04298\" data-id=\"0f04298\" data-element_type=\"column\" data-e-type=\"column\">\n\t\t\t<div class=\"elementor-widget-wrap elementor-element-populated\">\n\t\t\t\t\t\t<div class=\"elementor-element elementor-element-9fed404 elementor-widget elementor-widget-spacer\" data-id=\"9fed404\" data-element_type=\"widget\" data-e-type=\"widget\" data-widget_type=\"spacer.default\">\n\t\t\t\t\t\t\t<div class=\"elementor-spacer\">\n\t\t\t<div class=\"elementor-spacer-inner\"><\/div>\n\t\t<\/div>\n\t\t\t\t\t\t<\/div>\n\t\t\t\t\t<\/div>\n\t\t<\/div>\n\t\t\t\t\t<\/div>\n\t\t<\/section>\n\t\t\t\t<section class=\"elementor-section elementor-top-section elementor-element elementor-element-9c1d179 elementor-hidden-phone elementor-section-boxed elementor-section-height-default elementor-section-height-default\" data-id=\"9c1d179\" data-element_type=\"section\" data-e-type=\"section\" data-settings=\"{&quot;background_background&quot;:&quot;classic&quot;}\">\n\t\t\t\t\t\t\t<div class=\"elementor-background-overlay\"><\/div>\n\t\t\t\t\t\t\t<div class=\"elementor-container elementor-column-gap-default\">\n\t\t\t\t\t<div class=\"elementor-column elementor-col-33 elementor-top-column elementor-element elementor-element-b4a6554\" data-id=\"b4a6554\" data-element_type=\"column\" data-e-type=\"column\">\n\t\t\t<div class=\"elementor-widget-wrap\">\n\t\t\t\t\t\t\t<\/div>\n\t\t<\/div>\n\t\t\t\t<div class=\"elementor-column elementor-col-33 elementor-top-column elementor-element elementor-element-5db8ece\" data-id=\"5db8ece\" data-element_type=\"column\" data-e-type=\"column\" data-settings=\"{&quot;background_background&quot;:&quot;classic&quot;}\">\n\t\t\t<div class=\"elementor-widget-wrap elementor-element-populated\">\n\t\t\t\t\t\t<div class=\"elementor-element elementor-element-fdef502 elementor-widget elementor-widget-spacer\" data-id=\"fdef502\" data-element_type=\"widget\" data-e-type=\"widget\" data-widget_type=\"spacer.default\">\n\t\t\t\t\t\t\t<div class=\"elementor-spacer\">\n\t\t\t<div class=\"elementor-spacer-inner\"><\/div>\n\t\t<\/div>\n\t\t\t\t\t\t<\/div>\n\t\t\t\t<div class=\"elementor-element elementor-element-8b44d45 elementor-widget elementor-widget-heading\" data-id=\"8b44d45\" data-element_type=\"widget\" data-e-type=\"widget\" data-widget_type=\"heading.default\">\n\t\t\t\t\t<h1 class=\"elementor-heading-title elementor-size-default\">DESSIN INTENSIF :DESSINER ET METTRE EN FORME SES PROJETS<\/h1>\t\t\t\t<\/div>\n\t\t\t\t<div class=\"elementor-element elementor-element-62ecc22 elementor-widget elementor-widget-spacer\" data-id=\"62ecc22\" data-element_type=\"widget\" data-e-type=\"widget\" data-widget_type=\"spacer.default\">\n\t\t\t\t\t\t\t<div class=\"elementor-spacer\">\n\t\t\t<div class=\"elementor-spacer-inner\"><\/div>\n\t\t<\/div>\n\t\t\t\t\t\t<\/div>\n\t\t\t\t\t<\/div>\n\t\t<\/div>\n\t\t\t\t<div class=\"elementor-column elementor-col-33 elementor-top-column elementor-element elementor-element-06e8d3d\" data-id=\"06e8d3d\" data-element_type=\"column\" data-e-type=\"column\">\n\t\t\t<div class=\"elementor-widget-wrap\">\n\t\t\t\t\t\t\t<\/div>\n\t\t<\/div>\n\t\t\t\t\t<\/div>\n\t\t<\/section>\n\t\t\t\t<section class=\"elementor-section elementor-top-section elementor-element elementor-element-8cd0ce9 elementor-section-boxed elementor-section-height-default elementor-section-height-default\" data-id=\"8cd0ce9\" data-element_type=\"section\" data-e-type=\"section\">\n\t\t\t\t\t\t<div class=\"elementor-container elementor-column-gap-default\">\n\t\t\t\t\t<div class=\"elementor-column elementor-col-33 elementor-top-column elementor-element elementor-element-ac93ec9\" data-id=\"ac93ec9\" data-element_type=\"column\" data-e-type=\"column\">\n\t\t\t<div class=\"elementor-widget-wrap\">\n\t\t\t\t\t\t\t<\/div>\n\t\t<\/div>\n\t\t\t\t<div class=\"elementor-column elementor-col-33 elementor-top-column elementor-element elementor-element-25f8ce0\" data-id=\"25f8ce0\" data-element_type=\"column\" data-e-type=\"column\">\n\t\t\t<div class=\"elementor-widget-wrap elementor-element-populated\">\n\t\t\t\t\t\t<div class=\"elementor-element elementor-element-e0ce82d elementor-hidden-phone elementor-widget elementor-widget-heading\" data-id=\"e0ce82d\" data-element_type=\"widget\" data-e-type=\"widget\" data-widget_type=\"heading.default\">\n\t\t\t\t\t<h2 class=\"elementor-heading-title elementor-size-medium\">DESSIN INTENSIF - M\u00e9tiers du DESIGN, de l'ILLUSTRATION, de la DECORATION, etc.<\/h2>\t\t\t\t<\/div>\n\t\t\t\t<div class=\"elementor-element elementor-element-6b4d88e elementor-hidden-desktop elementor-hidden-tablet elementor-widget elementor-widget-heading\" data-id=\"6b4d88e\" data-element_type=\"widget\" data-e-type=\"widget\" data-widget_type=\"heading.default\">\n\t\t\t\t\t<h1 class=\"elementor-heading-title elementor-size-medium\">DESSIN INTENSIF: DESSINER ET METTRE EN FORME SES PROJETS<\/h1>\t\t\t\t<\/div>\n\t\t\t\t<div class=\"elementor-element elementor-element-cdd3381 elementor-widget__width-initial elementor-widget elementor-widget-text-editor\" data-id=\"cdd3381\" data-element_type=\"widget\" data-e-type=\"widget\" data-widget_type=\"text-editor.default\">\n\t\t\t\t\t\t\t\t\t<p><strong>Formation dessin d&rsquo;art- Ecole d\u2019Art Ouest de Paris.&nbsp;<\/strong><\/p>\n<p><strong>&nbsp;<\/strong><\/p>\n<h2>\u00c0 qui s\u2019adresse la formation Dessin intensif ?&nbsp;<\/h2>\n<p>\u00c0 toute personne souhaitant perfectionner sa pratique du dessin pour donner vie \u00e0 ses projets. Personnes impliqu\u00e9es dans des activit\u00e9s de cr\u00e9ation, de design, d&rsquo;illustration, de design de l\u2019espace, de cr\u00e9ation de d\u00e9cors, d&rsquo;architecture, de sc\u00e9nographie, etc.<\/p>\n<p>Le stage dessin intensif vous entraine \u00e0 la pratique du dessin pour rendre vos projets lisibles et attractifs.<\/p>\t\t\t\t\t\t\t\t<\/div>\n\t\t\t\t<section class=\"elementor-section elementor-inner-section elementor-element elementor-element-3ff8662 elementor-section-boxed elementor-section-height-default elementor-section-height-default\" data-id=\"3ff8662\" data-element_type=\"section\" data-e-type=\"section\">\n\t\t\t\t\t\t<div class=\"elementor-container elementor-column-gap-default\">\n\t\t\t\t\t<div class=\"elementor-column elementor-col-50 elementor-inner-column elementor-element elementor-element-d2da7c4 elementor-hidden-phone\" data-id=\"d2da7c4\" data-element_type=\"column\" data-e-type=\"column\">\n\t\t\t<div class=\"elementor-widget-wrap elementor-element-populated\">\n\t\t\t\t\t\t<div class=\"elementor-element elementor-element-e660021 elementor-widget elementor-widget-image\" data-id=\"e660021\" data-element_type=\"widget\" data-e-type=\"widget\" data-widget_type=\"image.default\">\n\t\t\t\t\t\t\t\t\t\t\t\t\t\t\t<img fetchpriority=\"high\" decoding=\"async\" width=\"344\" height=\"230\" src=\"https:\/\/www.terre-et-feu.com\/maisons-laffitte\/wp-content\/uploads\/sites\/6\/2020\/02\/dessin_formation_ML1.jpg\" class=\"attachment-full size-full wp-image-595\" alt=\"\" \/>\t\t\t\t\t\t\t\t\t\t\t\t\t\t\t<\/div>\n\t\t\t\t<div class=\"elementor-element elementor-element-d6fb02c elementor-widget elementor-widget-image\" data-id=\"d6fb02c\" data-element_type=\"widget\" data-e-type=\"widget\" data-widget_type=\"image.default\">\n\t\t\t\t\t\t\t\t\t\t\t\t\t\t\t<img decoding=\"async\" width=\"362\" height=\"500\" src=\"https:\/\/www.terre-et-feu.com\/maisons-laffitte\/wp-content\/uploads\/sites\/6\/2022\/07\/DessinIntensifVisuelPetitformat.jpg\" class=\"attachment-full size-full wp-image-5436\" alt=\"\" \/>\t\t\t\t\t\t\t\t\t\t\t\t\t\t\t<\/div>\n\t\t\t\t<div class=\"elementor-element elementor-element-56fa585 elementor-widget elementor-widget-image\" data-id=\"56fa585\" data-element_type=\"widget\" data-e-type=\"widget\" data-widget_type=\"image.default\">\n\t\t\t\t\t\t\t\t\t\t\t\t\t\t\t<img decoding=\"async\" width=\"344\" height=\"230\" src=\"https:\/\/www.terre-et-feu.com\/maisons-laffitte\/wp-content\/uploads\/sites\/6\/2020\/02\/dessin_formation_ML2.jpg\" class=\"attachment-full size-full wp-image-559\" alt=\"\" \/>\t\t\t\t\t\t\t\t\t\t\t\t\t\t\t<\/div>\n\t\t\t\t\t<\/div>\n\t\t<\/div>\n\t\t\t\t<div class=\"elementor-column elementor-col-50 elementor-inner-column elementor-element elementor-element-62f52c5\" data-id=\"62f52c5\" data-element_type=\"column\" data-e-type=\"column\">\n\t\t\t<div class=\"elementor-widget-wrap elementor-element-populated\">\n\t\t\t\t\t\t<div class=\"elementor-element elementor-element-4c41210 elementor-widget elementor-widget-heading\" data-id=\"4c41210\" data-element_type=\"widget\" data-e-type=\"widget\" data-widget_type=\"heading.default\">\n\t\t\t\t\t<h2 class=\"elementor-heading-title elementor-size-medium\">Les pr\u00e9-requis de la formation dessin intensif<\/h2>\t\t\t\t<\/div>\n\t\t\t\t<div class=\"elementor-element elementor-element-ea07d26 elementor-widget elementor-widget-text-editor\" data-id=\"ea07d26\" data-element_type=\"widget\" data-e-type=\"widget\" data-widget_type=\"text-editor.default\">\n\t\t\t\t\t\t\t\t\t<p>Avoir une base de dessin, une capacit\u00e9 d\u2019observation et \u00e0 travailler en autonomie sous le guidage d\u2019un formateur. Validation de l\u2019inscription sur entretien avec le responsable p\u00e9dagogique.<\/p>\t\t\t\t\t\t\t\t<\/div>\n\t\t\t\t<div class=\"elementor-element elementor-element-cba8d3b elementor-widget elementor-widget-heading\" data-id=\"cba8d3b\" data-element_type=\"widget\" data-e-type=\"widget\" data-widget_type=\"heading.default\">\n\t\t\t\t\t<h2 class=\"elementor-heading-title elementor-size-medium\">Les objectifs de la formation dessin intensif: dessiner et mettre en forme ses projets<\/h2>\t\t\t\t<\/div>\n\t\t\t\t<div class=\"elementor-element elementor-element-2b25d80 elementor-widget elementor-widget-text-editor\" data-id=\"2b25d80\" data-element_type=\"widget\" data-e-type=\"widget\" data-widget_type=\"text-editor.default\">\n\t\t\t\t\t\t\t\t\t<p><b>Acqu\u00e9rir les principaux reflexes qui permettent de dessiner ce que l\u2019on voit, puis ce que l\u2019on imagine :<\/b><\/p><ul><li>Perfectionner proportions, perspectives, volume, ombres et lumi\u00e8res, composition<\/li><li>Comprendre les diff\u00e9rentes techniques et outils graphiques qui permettent de varier l\u2019expression<\/li><li>Savoir travailler sur le vif, sur document et de m\u00e9moire pour mettre en place les fondements d\u2019une cr\u00e9ation personnelle.<\/li><\/ul><p><b>Apprendre et perfectionner les techniques cl\u00e9s qui permettent<\/b><b> de dessiner ses projets, de pr\u00e9senter ses id\u00e9es, et d\u2019enrichir ses cr\u00e9ations:<br \/><\/b><\/p><ul><li>Apprendre \u00e0 dessiner rapidement et \u00e0 formuler graphiquement ses id\u00e9es<\/li><li>Perfectionner\u00a0 son dessin et ses choix graphiques pour communiquer clairement ses id\u00e9es \/ son projet<\/li><li>Apprendre \u00e0 \u00e9laborer un sujet et \u00e0 produire\u00a0 une id\u00e9e originale et personnelle. D\u00e9velopper ses outils de cr\u00e9ativit\u00e9 et\u00a0 faire des recherches graphiques pour nourrir son projet.<\/li><\/ul><p><b>Le but est de renforcer vos acquis en dessin et d\u2019appliquer imm\u00e9diatement les apprentissages \u00e0 votre projet personnel.<\/b><\/p>\t\t\t\t\t\t\t\t<\/div>\n\t\t\t\t<div class=\"elementor-element elementor-element-a0ce50b elementor-widget elementor-widget-heading\" data-id=\"a0ce50b\" data-element_type=\"widget\" data-e-type=\"widget\" data-widget_type=\"heading.default\">\n\t\t\t\t\t<h2 class=\"elementor-heading-title elementor-size-medium\">Le d\u00e9roulement de la formation dessin intensif<\/h2>\t\t\t\t<\/div>\n\t\t\t\t<div class=\"elementor-element elementor-element-2559777 elementor-widget elementor-widget-text-editor\" data-id=\"2559777\" data-element_type=\"widget\" data-e-type=\"widget\" data-widget_type=\"text-editor.default\">\n\t\t\t\t\t\t\t\t\t<p>Quatre modules permettent d\u2019atteindre les objectifs :<\/p><ul><li>Dessin d\u2019observation et croquis rapide: lib\u00e9rer et acc\u00e9l\u00e9rer son dessin. Croquis en temps limit\u00e9.<\/li><li>Dessin\u00a0 d\u2019intention, le rough, donner corps \u00e0 son projet: construction, valeurs, textures, etc. Production de dessins d\u2019intention, organisation des id\u00e9es et des choix graphiques, pr\u00e9sentation.<\/li><li>Pr\u00e9senter et enrichir son projet, outils et m\u00e9thodes: entrainement aux techniques et formulation de projet. D\u00e9finition d\u2019un univers, carnets de recherche, planches tendance, pr\u00e9sentation de son projet.<\/li><li>Suivi et correction des travaux (distanciel)<\/li><\/ul>\t\t\t\t\t\t\t\t<\/div>\n\t\t\t\t<div class=\"elementor-element elementor-element-14ec759 elementor-widget elementor-widget-heading\" data-id=\"14ec759\" data-element_type=\"widget\" data-e-type=\"widget\" data-widget_type=\"heading.default\">\n\t\t\t\t\t<h2 class=\"elementor-heading-title elementor-size-medium\">M\u00e9thode p\u00e9dagogique de la formation dessin intensif <\/h2>\t\t\t\t<\/div>\n\t\t\t\t<div class=\"elementor-element elementor-element-514c1d7 elementor-widget elementor-widget-text-editor\" data-id=\"514c1d7\" data-element_type=\"widget\" data-e-type=\"widget\" data-widget_type=\"text-editor.default\">\n\t\t\t\t\t\t\t\t\t<p>La p\u00e9dagogie est active et participative. Elle alterne les apports d\u2019information et d\u00e9monstrations du professeur et la mise en pratique sous la forme de r\u00e9alisations concr\u00e8tes, sur des sujets vari\u00e9s choisis par le formateur et \/ou les stagiaires.<br \/><span style=\"font-size: 1rem\">Le mat\u00e9riel de base est mis \u00e0 disposition des \u00e9l\u00e8ves (papier, pinceaux, couleurs, fusains, chevalets, etc\u2026<\/span><\/p>\t\t\t\t\t\t\t\t<\/div>\n\t\t\t\t\t<\/div>\n\t\t<\/div>\n\t\t\t\t\t<\/div>\n\t\t<\/section>\n\t\t\t\t<section class=\"elementor-section elementor-inner-section elementor-element elementor-element-043d416 elementor-hidden-desktop elementor-hidden-tablet elementor-section-boxed elementor-section-height-default elementor-section-height-default\" data-id=\"043d416\" data-element_type=\"section\" data-e-type=\"section\">\n\t\t\t\t\t\t<div class=\"elementor-container elementor-column-gap-default\">\n\t\t\t\t\t<div class=\"elementor-column elementor-col-50 elementor-inner-column elementor-element elementor-element-8c5863b\" data-id=\"8c5863b\" data-element_type=\"column\" data-e-type=\"column\">\n\t\t\t<div class=\"elementor-widget-wrap elementor-element-populated\">\n\t\t\t\t\t\t<div class=\"elementor-element elementor-element-cf36e31 elementor-align-left elementor-hidden-phone elementor-widget elementor-widget-button\" data-id=\"cf36e31\" data-element_type=\"widget\" data-e-type=\"widget\" data-widget_type=\"button.default\">\n\t\t\t\t\t\t\t\t\t\t<a class=\"elementor-button elementor-button-link elementor-size-sm\" href=\"https:\/\/www.terre-et-feu.com\/maisons-laffitte\/stages\/\" target=\"_blank\">\n\t\t\t\t\t\t<span class=\"elementor-button-content-wrapper\">\n\t\t\t\t\t\t\t\t\t<span class=\"elementor-button-text\">S'INSCRIRE A CETTE FORMATION COURTE<\/span>\n\t\t\t\t\t<\/span>\n\t\t\t\t\t<\/a>\n\t\t\t\t\t\t\t\t<\/div>\n\t\t\t\t\t<\/div>\n\t\t<\/div>\n\t\t\t\t<div class=\"elementor-column elementor-col-50 elementor-inner-column elementor-element elementor-element-a92ba5b\" data-id=\"a92ba5b\" data-element_type=\"column\" data-e-type=\"column\">\n\t\t\t<div class=\"elementor-widget-wrap elementor-element-populated\">\n\t\t\t\t\t\t<div class=\"elementor-element elementor-element-e9bc561 elementor-widget elementor-widget-image\" data-id=\"e9bc561\" data-element_type=\"widget\" data-e-type=\"widget\" data-widget_type=\"image.default\">\n\t\t\t\t\t\t\t\t\t\t\t\t\t\t\t<img loading=\"lazy\" decoding=\"async\" width=\"147\" height=\"120\" src=\"https:\/\/www.terre-et-feu.com\/maisons-laffitte\/wp-content\/uploads\/sites\/6\/2020\/02\/dessin_formation_ML1-147x120.jpg\" class=\"attachment-thumbnail size-thumbnail wp-image-595\" alt=\"\" \/>\t\t\t\t\t\t\t\t\t\t\t\t\t\t\t<\/div>\n\t\t\t\t\t<\/div>\n\t\t<\/div>\n\t\t\t\t\t<\/div>\n\t\t<\/section>\n\t\t\t\t<div class=\"elementor-element elementor-element-e8e3291 elementor-widget elementor-widget-heading\" data-id=\"e8e3291\" data-element_type=\"widget\" data-e-type=\"widget\" data-widget_type=\"heading.default\">\n\t\t\t\t\t<h2 class=\"elementor-heading-title elementor-size-medium\">Infos pratiques de la formation : dates et intervenants<\/h2>\t\t\t\t<\/div>\n\t\t\t\t<div class=\"elementor-element elementor-element-4524270 elementor-widget elementor-widget-text-editor\" data-id=\"4524270\" data-element_type=\"widget\" data-e-type=\"widget\" data-widget_type=\"text-editor.default\">\n\t\t\t\t\t\t\t\t\t<div class=\"cours-body\"><p style=\"text-align: center\">48 heures de formation intensive sur 4 semaines, \u00e0 raison de 2 jours par semaine, avec un suivi individuel.<\/p><p><strong>Prochaines dates : du 23 janvier 2025 au 14 f\u00e9vrier 2025, les jeudis et vendredis de<\/strong> 9h30 \u00e0 12h30 et de 13h30 \u00e0 16h30. A cela s\u2019ajoute les travaux personnels \u00e0 produire d\u2019une semaine sur l\u2019autre.\u00a0<\/p><p>La formation est dispens\u00e9e par des artistes dipl\u00f4m\u00e9s (Ecoles de Beaux Arts, Ecoles d\u2019arts appliqu\u00e9s\u2026) et ayant une exp\u00e9rience pratique et p\u00e9dagogique importante.<\/p><p style=\"text-align: center\"><a href=\"https:\/\/www.linscription.com\/pro\/activite.php?P1=184726\" target=\"_blank\" rel=\"noopener\">Inscrivez-vous en ligne<\/a>\u00a0<\/p><\/div>\t\t\t\t\t\t\t\t<\/div>\n\t\t\t\t<div class=\"elementor-element elementor-element-cf8696e elementor-hidden-phone elementor-widget elementor-widget-spacer\" data-id=\"cf8696e\" data-element_type=\"widget\" data-e-type=\"widget\" data-widget_type=\"spacer.default\">\n\t\t\t\t\t\t\t<div class=\"elementor-spacer\">\n\t\t\t<div class=\"elementor-spacer-inner\"><\/div>\n\t\t<\/div>\n\t\t\t\t\t\t<\/div>\n\t\t\t\t\t<\/div>\n\t\t<\/div>\n\t\t\t\t<div class=\"elementor-column elementor-col-33 elementor-top-column elementor-element elementor-element-7d31f24\" data-id=\"7d31f24\" data-element_type=\"column\" data-e-type=\"column\">\n\t\t\t<div class=\"elementor-widget-wrap\">\n\t\t\t\t\t\t\t<\/div>\n\t\t<\/div>\n\t\t\t\t\t<\/div>\n\t\t<\/section>\n\t\t\t\t<\/div>\n\t\t","protected":false},"excerpt":{"rendered":"<p>DESSIN INTENSIF :DESSINER ET METTRE EN FORME SES PROJETS DESSIN INTENSIF &#8211; M\u00e9tiers du DESIGN, de l&rsquo;ILLUSTRATION, de la DECORATION, etc. DESSIN INTENSIF: DESSINER ET METTRE EN FORME SES PROJETS Formation dessin d&rsquo;art- Ecole d\u2019Art Ouest de Paris.&nbsp; &nbsp; \u00c0 qui s\u2019adresse la formation Dessin intensif ?&nbsp; \u00c0 toute personne souhaitant perfectionner sa pratique du [&hellip;]<\/p>\n","protected":false},"author":1,"featured_media":0,"parent":0,"menu_order":0,"comment_status":"closed","ping_status":"closed","template":"elementor_header_footer","meta":{"_acf_changed":false,"footnotes":""},"class_list":["post-516","page","type-page","status-publish","hentry"],"acf":[],"aioseo_notices":[],"_links":{"self":[{"href":"https:\/\/www.terre-et-feu.com\/maisons-laffitte\/wp-json\/wp\/v2\/pages\/516","targetHints":{"allow":["GET"]}}],"collection":[{"href":"https:\/\/www.terre-et-feu.com\/maisons-laffitte\/wp-json\/wp\/v2\/pages"}],"about":[{"href":"https:\/\/www.terre-et-feu.com\/maisons-laffitte\/wp-json\/wp\/v2\/types\/page"}],"author":[{"embeddable":true,"href":"https:\/\/www.terre-et-feu.com\/maisons-laffitte\/wp-json\/wp\/v2\/users\/1"}],"replies":[{"embeddable":true,"href":"https:\/\/www.terre-et-feu.com\/maisons-laffitte\/wp-json\/wp\/v2\/comments?post=516"}],"version-history":[{"count":58,"href":"https:\/\/www.terre-et-feu.com\/maisons-laffitte\/wp-json\/wp\/v2\/pages\/516\/revisions"}],"predecessor-version":[{"id":10114,"href":"https:\/\/www.terre-et-feu.com\/maisons-laffitte\/wp-json\/wp\/v2\/pages\/516\/revisions\/10114"}],"wp:attachment":[{"href":"https:\/\/www.terre-et-feu.com\/maisons-laffitte\/wp-json\/wp\/v2\/media?parent=516"}],"curies":[{"name":"wp","href":"https:\/\/api.w.org\/{rel}","templated":true}]}}