{"id":3362,"date":"2025-09-04T16:06:02","date_gmt":"2025-09-04T14:06:02","guid":{"rendered":"https:\/\/www.terre-et-feu.com\/paris\/?page_id=3362"},"modified":"2025-09-04T16:07:35","modified_gmt":"2025-09-04T14:07:35","slug":"a-propos-de-terrefeu","status":"publish","type":"page","link":"https:\/\/www.terre-et-feu.com\/paris\/a-propos-de-terrefeu\/","title":{"rendered":"A propos de Terre&amp;Feu"},"content":{"rendered":"\n<p><strong>Terre et Feu est une \u00e9cole d\u2019art ouverts \u00e0 toutes celles et ceux qui souhaitent apprendre, exp\u00e9rimenter et partager le plaisir de cr\u00e9er.<\/strong><\/p>\n\n\n\n<p>Nous accompagnons chacun dans le d\u00e9veloppement d\u2019une pratique artistique personnelle, en valorisant la cr\u00e9ativit\u00e9, l\u2019exp\u00e9rimentation et le renforcement des savoir-faire.<\/p>\n\n\n\n<p>Nos formations couvrent un large \u00e9ventail de disciplines :\u2028\ud83c\udfa8 S<strong>culpture-modelage\u2028<\/strong>\ud83c\udffa C\u00e9<strong>ramique &amp; tournage\u2028\ud83d\udd8c<\/strong>\ufe0f Des<strong>sin, peinture &amp; mod\u00e8le vivant\u2028\ud83d\udcda <\/strong>Illu<strong>stration &amp; bande dessin\u00e9e-manga<\/strong><\/p>\n\n\n\n<h2 class=\"wp-block-heading\"><strong>No<\/strong><strong>s ateliers<\/strong><\/h2>\n\n\n\n<p>Nous sommes implant\u00e9s \u00e0 Paris et en \u00cele-de-France, dans quatre lieux chaleureux et accessibles :<\/p>\n\n\n\n<ul class=\"wp-block-list\">\n<li>Paris 3\u1d49 \u2013 R\u00e9publique<\/li>\n\n\n\n<li>Paris 14\u1d49 \u2013 Al\u00e9sia<\/li>\n\n\n\n<li>Paris 17\u1d49 \u2013 Villiers<\/li>\n\n\n\n<li>Maisons-Laffitte (78)<\/li>\n\n\n\n<li>Chaque atelier est \u00e9quip\u00e9 de mat\u00e9riel de niveau professionnel et de tout le n\u00e9cessaire pour r\u00e9aliser vos pi\u00e8ces dans les meilleures conditions.<\/li>\n<\/ul>\n\n\n\n<h2 class=\"wp-block-heading\"><strong>Une p\u00e9dagogie attentive<\/strong><\/h2>\n\n\n\n<p>Nos cours durent 3 heures, pour laisser le temps d\u2019apprendre, de tester, d\u2019exp\u00e9rimenter, de progresser.\u2028Les groupes sont \u00e0 <strong>effectif r\u00e9duit <\/strong>pour garantir un <strong>accompagnement individualis\u00e9<\/strong>.\u2028Nos professeur\u00b7es s\u2019adaptent au rythme de chaque participant, qu\u2019il soit d\u00e9butant ou confirm\u00e9.<\/p>\n\n\n\n<h2 class=\"wp-block-heading\"><strong>Un espace pour les artistes<\/strong><\/h2>\n\n\n\n<p>Nos chefs d\u2019atelier accompagnent \u00e9galement les <strong>artistes professionnels <\/strong>dans le d\u00e9veloppement de leurs projets.\u2028Nous offrons un cadre technique rigoureux, un regard expert, et un lieu propice \u00e0 la cr\u00e9ation.<\/p>\n\n\n\n<h2 class=\"wp-block-heading\"><strong>Se former et transmettre<\/strong><\/h2>\n\n\n\n<p>Terre et Feu est aussi un <strong>organisme de formation certifi\u00e9.\u2028<\/strong>Nous proposons une <strong>formation dipl\u00f4mante <\/strong>\u00e0<strong> <\/strong>destination de celles et ceux qui souhaitent ouvrir leur propre atelier ou se professionnaliser dans l\u2019animation artistique.<\/p>\n\n\n\n<h2 class=\"wp-block-heading\"><strong>\u00c9largir son regard<\/strong><\/h2>\n\n\n\n<p>Parce que la culture nourrit la pratique, nous organisons chaque mois des <strong>conf\u00e9rences appel\u00e9es les rencontres imag\u00e9es, <\/strong>ouvertes \u00e0 tous nos \u00e9l\u00e8ves sur l\u2019histoire de l\u2019art, les expositions et les pratiques artistique<\/p>\n","protected":false},"excerpt":{"rendered":"<p>Terre et Feu est une \u00e9cole d\u2019art ouverts \u00e0 toutes celles et ceux qui souhaitent apprendre, exp\u00e9rimenter et partager le plaisir de cr\u00e9er. Nous accompagnons chacun dans le d\u00e9veloppement d\u2019une pratique artistique personnelle, en valorisant la cr\u00e9ativit\u00e9, l\u2019exp\u00e9rimentation et le renforcement des savoir-faire. Nos formations couvrent un large \u00e9ventail de disciplines :\u2028\ud83c\udfa8 Sculpture-modelage\u2028\ud83c\udffa C\u00e9ramique &amp; [&hellip;]<\/p>\n","protected":false},"author":1,"featured_media":0,"parent":0,"menu_order":0,"comment_status":"closed","ping_status":"closed","template":"","meta":{"_acf_changed":false,"footnotes":""},"class_list":["post-3362","page","type-page","status-publish","hentry"],"acf":[],"aioseo_notices":[],"_links":{"self":[{"href":"https:\/\/www.terre-et-feu.com\/paris\/wp-json\/wp\/v2\/pages\/3362","targetHints":{"allow":["GET"]}}],"collection":[{"href":"https:\/\/www.terre-et-feu.com\/paris\/wp-json\/wp\/v2\/pages"}],"about":[{"href":"https:\/\/www.terre-et-feu.com\/paris\/wp-json\/wp\/v2\/types\/page"}],"author":[{"embeddable":true,"href":"https:\/\/www.terre-et-feu.com\/paris\/wp-json\/wp\/v2\/users\/1"}],"replies":[{"embeddable":true,"href":"https:\/\/www.terre-et-feu.com\/paris\/wp-json\/wp\/v2\/comments?post=3362"}],"version-history":[{"count":2,"href":"https:\/\/www.terre-et-feu.com\/paris\/wp-json\/wp\/v2\/pages\/3362\/revisions"}],"predecessor-version":[{"id":3365,"href":"https:\/\/www.terre-et-feu.com\/paris\/wp-json\/wp\/v2\/pages\/3362\/revisions\/3365"}],"wp:attachment":[{"href":"https:\/\/www.terre-et-feu.com\/paris\/wp-json\/wp\/v2\/media?parent=3362"}],"curies":[{"name":"wp","href":"https:\/\/api.w.org\/{rel}","templated":true}]}}